{"id":28705,"date":"2019-10-24T10:38:48","date_gmt":"2019-10-24T08:38:48","guid":{"rendered":"https:\/\/www.itineris-building.fr\/promoteur\/?page_id=28705"},"modified":"2020-11-13T11:30:51","modified_gmt":"2020-11-13T10:30:51","slug":"en-cours-de-commercialisation","status":"publish","type":"page","link":"https:\/\/www.itineris-building.fr\/promoteur\/en-cours-de-commercialisation\/","title":{"rendered":"En cours de commercialisation"},"content":{"rendered":"\t\t<div data-elementor-type=\"wp-page\" data-elementor-id=\"28705\" class=\"elementor elementor-28705\">\n\t\t\t\t\t\t<section class=\"elementor-section elementor-top-section elementor-element elementor-element-301eec3a elementor-section-boxed elementor-section-height-default elementor-section-height-default\" data-id=\"301eec3a\" data-element_type=\"section\">\n\t\t\t\t\t\t<div class=\"elementor-container elementor-column-gap-default\">\n\t\t\t\t\t<div class=\"elementor-column elementor-col-100 elementor-top-column elementor-element elementor-element-2f520b24\" data-id=\"2f520b24\" data-element_type=\"column\">\n\t\t\t<div class=\"elementor-widget-wrap elementor-element-populated\">\n\t\t\t\t\t\t<div class=\"elementor-element elementor-element-257aa197 elementor-widget elementor-widget-spacer\" data-id=\"257aa197\" data-element_type=\"widget\" data-widget_type=\"spacer.default\">\n\t\t\t\t<div class=\"elementor-widget-container\">\n\t\t\t\t\t\t\t<div class=\"elementor-spacer\">\n\t\t\t<div class=\"elementor-spacer-inner\"><\/div>\n\t\t<\/div>\n\t\t\t\t\t\t<\/div>\n\t\t\t\t<\/div>\n\t\t\t\t<div class=\"elementor-element elementor-element-70d33aee elementor-invisible elementor-widget elementor-widget-heading\" data-id=\"70d33aee\" data-element_type=\"widget\" data-settings=\"{&quot;_animation&quot;:&quot;fadeInDown&quot;,&quot;_animation_delay&quot;:&quot;200&quot;}\" data-widget_type=\"heading.default\">\n\t\t\t\t<div class=\"elementor-widget-container\">\n\t\t\t\t\t<h2 class=\"elementor-heading-title elementor-size-default\">EN COURS DE COMMERCIALISATION<\/h2>\t\t\t\t<\/div>\n\t\t\t\t<\/div>\n\t\t\t\t<div class=\"elementor-element elementor-element-5bc1ade6 elementor-widget-divider--view-line elementor-invisible elementor-widget elementor-widget-divider\" data-id=\"5bc1ade6\" data-element_type=\"widget\" data-settings=\"{&quot;_animation&quot;:&quot;fadeInUp&quot;}\" data-widget_type=\"divider.default\">\n\t\t\t\t<div class=\"elementor-widget-container\">\n\t\t\t\t\t\t\t<div class=\"elementor-divider\">\n\t\t\t<span class=\"elementor-divider-separator\">\n\t\t\t\t\t\t<\/span>\n\t\t<\/div>\n\t\t\t\t\t\t<\/div>\n\t\t\t\t<\/div>\n\t\t\t\t\t<\/div>\n\t\t<\/div>\n\t\t\t\t\t<\/div>\n\t\t<\/section>\n\t\t\t\t<section class=\"elementor-section elementor-top-section elementor-element elementor-element-af8d1e5 elementor-section-boxed elementor-section-height-default elementor-section-height-default\" data-id=\"af8d1e5\" data-element_type=\"section\">\n\t\t\t\t\t\t<div class=\"elementor-container elementor-column-gap-default\">\n\t\t\t\t\t<div class=\"elementor-column elementor-col-100 elementor-top-column elementor-element elementor-element-693d9a0\" data-id=\"693d9a0\" data-element_type=\"column\">\n\t\t\t<div class=\"elementor-widget-wrap elementor-element-populated\">\n\t\t\t\t\t\t<div class=\"elementor-element elementor-element-cbe18c1 elementor-widget elementor-widget-WpResidence_Items_List\" data-id=\"cbe18c1\" data-element_type=\"widget\" data-widget_type=\"WpResidence_Items_List.default\">\n\t\t\t\t<div class=\"elementor-widget-container\">\n\t\t\t\t\t<div id=\"wpestate_sh_anime_742\" class=\"article_container wpestate_anime wpestate_latest_listings_sh bottom-estate_property \"  data-type=\"estate_property\" data-category_ids=\"\" data-action_ids=\"143,\" data-city_ids=\"\" data-area_ids=\"\" data-state_ids=\"160,\" data-number=\"9\" data-row-number=\"3\" data-align=\"vertical\" data-show_featured_only=\"no\"  data-random_pick=\"no\"  data-featured_first=\"no\" data-page=\"1\" ><div class=\"control_tax_wrapper\"><div  class=\"control_tax_sh\" data-taxid=\"143\" data-taxonomy=\"property_action_category\">En cours de commercialisation<\/div><\/div> <div class=\"col-md-4 shortcode-col has_prop_slider has_4per_row listing_wrapper\" data-org=\"3\" data-listid=\"40611\" > <div class=\"property_listing \" data-link=\"\"> <div class=\"listing-unit-img-wrapper\"><div class=\"prop_new_details\"><div class=\"prop_new_details_back\"><\/div><div class=\"property_media\"><i class=\"fa fa-camera\" aria-hidden=\"true\"><\/i> 101 <\/div><div class=\"property_location_image\"> <span class=\"property_marker\"><\/span><a href=\"https:\/\/www.itineris-building.fr\/promoteur\/zone\/26-avenue-massenet\/\" rel=\"tag\">26 Avenue Massenet<\/a>, <a href=\"https:\/\/www.itineris-building.fr\/promoteur\/ville\/chamalieres\/\" rel=\"tag\">Chamali\u00e8res<\/a><\/div><\/div> <div id=\"property_unit_carousel_69f35398de19e\" class=\"carousel property_unit_carousel slide \" data-ride=\"carousel\" data-interval=\"false\"> <div class=\"carousel-inner\"> <div class=\"item active\"> <a href=\"https:\/\/www.itineris-building.fr\/promoteur\/proprietes\/residence-les-3-arcs-a\/\" target=\"_self\"><img fetchpriority=\"high\" decoding=\"async\" width=\"525\" height=\"328\" src=\"https:\/\/www.itineris-building.fr\/promoteur\/wp-content\/uploads\/2022\/03\/3-Arcs-pour-slider-525x328.jpg\" class=\"lazyload img-responsive wp-post-image\" alt=\"R\u00e9sidence &quot;Les Arcs&quot;, 26 Avenue Massenet \u00e0 Chamali\u00e8res\" data-original=\"https:\/\/www.itineris-building.fr\/promoteur\/wp-content\/uploads\/2022\/03\/3-Arcs-pour-slider-525x328.jpg\" \/><\/a> <\/div> <div class=\"item lazy-load-item\"> <a href=\"https:\/\/www.itineris-building.fr\/promoteur\/proprietes\/residence-les-3-arcs-a\/\" target=\"_self\" ><img data-lazy-load-src=\"https:\/\/www.itineris-building.fr\/promoteur\/wp-content\/uploads\/2022\/03\/24-10-2024-Salle-de-bains-en-cours-Batiment-A-525x328.jpg\" alt=\"R\u00e9sidence Les 3 Arcs &#8211; A\" class=\"img-responsive\" \/><\/a> <\/div><div class=\"item lazy-load-item\"> <a href=\"https:\/\/www.itineris-building.fr\/promoteur\/proprietes\/residence-les-3-arcs-a\/\" target=\"_self\" ><img data-lazy-load-src=\"https:\/\/www.itineris-building.fr\/promoteur\/wp-content\/uploads\/2022\/03\/24-10-2024-Enduits-de-facades-en-cours-dachevement-Batiment-A-525x328.jpg\" alt=\"R\u00e9sidence Les 3 Arcs &#8211; A\" class=\"img-responsive\" \/><\/a> <\/div><div class=\"item lazy-load-item\"> <a href=\"https:\/\/www.itineris-building.fr\/promoteur\/proprietes\/residence-les-3-arcs-a\/\" target=\"_self\" ><img data-lazy-load-src=\"https:\/\/www.itineris-building.fr\/promoteur\/wp-content\/uploads\/2022\/03\/25-10-2024-Peinture-en-cours-Batiment-A-525x328.jpg\" alt=\"R\u00e9sidence Les 3 Arcs &#8211; A\" class=\"img-responsive\" \/><\/a> <\/div><div class=\"item lazy-load-item\"> <a href=\"https:\/\/www.itineris-building.fr\/promoteur\/proprietes\/residence-les-3-arcs-a\/\" target=\"_self\" ><img data-lazy-load-src=\"https:\/\/www.itineris-building.fr\/promoteur\/wp-content\/uploads\/2022\/03\/25-10-2024-Peinture-en-cours-Batiment-A--525x328.jpg\" alt=\"R\u00e9sidence Les 3 Arcs &#8211; A\" class=\"img-responsive\" \/><\/a> <\/div><div class=\"item lazy-load-item\"> <a href=\"https:\/\/www.itineris-building.fr\/promoteur\/proprietes\/residence-les-3-arcs-a\/\" target=\"_self\" ><img data-lazy-load-src=\"https:\/\/www.itineris-building.fr\/promoteur\/wp-content\/uploads\/2022\/03\/05-11-2024-Facades-achevees-Batiment-A-525x328.jpg\" alt=\"R\u00e9sidence Les 3 Arcs &#8211; A\" class=\"img-responsive\" \/><\/a> <\/div><div class=\"item lazy-load-item\"> <a href=\"https:\/\/www.itineris-building.fr\/promoteur\/proprietes\/residence-les-3-arcs-a\/\" target=\"_self\" ><img data-lazy-load-src=\"https:\/\/www.itineris-building.fr\/promoteur\/wp-content\/uploads\/2022\/03\/05-11-2024-Facades-achevees-Batiment-A--525x328.jpg\" alt=\"R\u00e9sidence Les 3 Arcs &#8211; A\" class=\"img-responsive\" \/><\/a> <\/div><div class=\"item lazy-load-item\"> <a href=\"https:\/\/www.itineris-building.fr\/promoteur\/proprietes\/residence-les-3-arcs-a\/\" target=\"_self\" ><img data-lazy-load-src=\"https:\/\/www.itineris-building.fr\/promoteur\/wp-content\/uploads\/2022\/03\/05-11-2024-Facades-achevees-Batiment-A-1-1-525x328.jpg\" alt=\"R\u00e9sidence Les 3 Arcs &#8211; A\" class=\"img-responsive\" \/><\/a> <\/div><div class=\"item lazy-load-item\"> <a href=\"https:\/\/www.itineris-building.fr\/promoteur\/proprietes\/residence-les-3-arcs-a\/\" target=\"_self\" ><img data-lazy-load-src=\"https:\/\/www.itineris-building.fr\/promoteur\/wp-content\/uploads\/2022\/03\/27-11-2024-Amenagements-en-cours-Batiment-A-525x328.jpg\" alt=\"R\u00e9sidence Les 3 Arcs &#8211; A\" class=\"img-responsive\" \/><\/a> <\/div><div class=\"item lazy-load-item\"> <a href=\"https:\/\/www.itineris-building.fr\/promoteur\/proprietes\/residence-les-3-arcs-a\/\" target=\"_self\" ><img data-lazy-load-src=\"https:\/\/www.itineris-building.fr\/promoteur\/wp-content\/uploads\/2022\/03\/19-12-2024-Amenagements-exterieurs-en-cours-dachevement-Batiment-A-525x328.jpg\" alt=\"R\u00e9sidence Les 3 Arcs &#8211; A\" class=\"img-responsive\" \/><\/a> <\/div><div class=\"item lazy-load-item\"> <a href=\"https:\/\/www.itineris-building.fr\/promoteur\/proprietes\/residence-les-3-arcs-a\/\" target=\"_self\" ><img data-lazy-load-src=\"https:\/\/www.itineris-building.fr\/promoteur\/wp-content\/uploads\/2022\/03\/31-12-2024-Pose-du-parquet-en-cours-Batiment-A-525x328.jpg\" alt=\"R\u00e9sidence Les 3 Arcs &#8211; A\" class=\"img-responsive\" \/><\/a> <\/div><div class=\"item lazy-load-item\"> <a href=\"https:\/\/www.itineris-building.fr\/promoteur\/proprietes\/residence-les-3-arcs-a\/\" target=\"_self\" ><img data-lazy-load-src=\"https:\/\/www.itineris-building.fr\/promoteur\/wp-content\/uploads\/2022\/03\/31-12-2024-Pose-du-parquet-en-cours-2-Batiment-A-525x328.jpg\" alt=\"R\u00e9sidence Les 3 Arcs &#8211; A\" class=\"img-responsive\" \/><\/a> <\/div><div class=\"item lazy-load-item\"> <a href=\"https:\/\/www.itineris-building.fr\/promoteur\/proprietes\/residence-les-3-arcs-a\/\" target=\"_self\" ><img data-lazy-load-src=\"https:\/\/www.itineris-building.fr\/promoteur\/wp-content\/uploads\/2022\/03\/15-01-2025-Pose-du-parquet-en-cours-Batiment-A-525x328.jpg\" alt=\"R\u00e9sidence Les 3 Arcs &#8211; A\" class=\"img-responsive\" \/><\/a> <\/div><div class=\"item lazy-load-item\"> <a href=\"https:\/\/www.itineris-building.fr\/promoteur\/proprietes\/residence-les-3-arcs-a\/\" target=\"_self\" ><img data-lazy-load-src=\"https:\/\/www.itineris-building.fr\/promoteur\/wp-content\/uploads\/2022\/03\/15-01-2025-Pose-du-parquet-en-cours-Batiment-A-2-525x328.jpg\" alt=\"R\u00e9sidence Les 3 Arcs &#8211; A\" class=\"img-responsive\" \/><\/a> <\/div><div class=\"item lazy-load-item\"> <a href=\"https:\/\/www.itineris-building.fr\/promoteur\/proprietes\/residence-les-3-arcs-a\/\" target=\"_self\" ><img data-lazy-load-src=\"https:\/\/www.itineris-building.fr\/promoteur\/wp-content\/uploads\/2022\/03\/15-01-2025-Pose-du-parquet-en-cours-Batiment-A-3-525x328.jpg\" alt=\"R\u00e9sidence Les 3 Arcs &#8211; A\" class=\"img-responsive\" \/><\/a> <\/div><div class=\"item lazy-load-item\"> <a href=\"https:\/\/www.itineris-building.fr\/promoteur\/proprietes\/residence-les-3-arcs-a\/\" target=\"_self\" ><img data-lazy-load-src=\"https:\/\/www.itineris-building.fr\/promoteur\/wp-content\/uploads\/2022\/03\/15-01-2025-Pose-du-parquet-en-cours-Batiment-A-4-525x328.jpg\" alt=\"R\u00e9sidence Les 3 Arcs &#8211; A\" class=\"img-responsive\" \/><\/a> <\/div><div class=\"item lazy-load-item\"> <a href=\"https:\/\/www.itineris-building.fr\/promoteur\/proprietes\/residence-les-3-arcs-a\/\" target=\"_self\" ><img data-lazy-load-src=\"https:\/\/www.itineris-building.fr\/promoteur\/wp-content\/uploads\/2022\/03\/12-02-2025-Achevement-des-parquets-en-cours-Batiment-A-525x328.jpg\" alt=\"R\u00e9sidence Les 3 Arcs &#8211; A\" class=\"img-responsive\" \/><\/a> <\/div><div class=\"item lazy-load-item\"> <a href=\"https:\/\/www.itineris-building.fr\/promoteur\/proprietes\/residence-les-3-arcs-a\/\" target=\"_self\" ><img data-lazy-load-src=\"https:\/\/www.itineris-building.fr\/promoteur\/wp-content\/uploads\/2022\/03\/22-525x328.jpg\" alt=\"R\u00e9sidence Les 3 Arcs &#8211; A\" class=\"img-responsive\" \/><\/a> <\/div><div class=\"item lazy-load-item\"> <a href=\"https:\/\/www.itineris-building.fr\/promoteur\/proprietes\/residence-les-3-arcs-a\/\" target=\"_self\" ><img data-lazy-load-src=\"https:\/\/www.itineris-building.fr\/promoteur\/wp-content\/uploads\/2022\/03\/22-1-525x328.jpg\" alt=\"R\u00e9sidence Les 3 Arcs &#8211; A\" class=\"img-responsive\" \/><\/a> <\/div><div class=\"item lazy-load-item\"> <a href=\"https:\/\/www.itineris-building.fr\/promoteur\/proprietes\/residence-les-3-arcs-a\/\" target=\"_self\" ><img data-lazy-load-src=\"https:\/\/www.itineris-building.fr\/promoteur\/wp-content\/uploads\/2022\/03\/22-1-1-525x328.jpg\" alt=\"R\u00e9sidence Les 3 Arcs &#8211; A\" class=\"img-responsive\" \/><\/a> <\/div><div class=\"item lazy-load-item\"> <a href=\"https:\/\/www.itineris-building.fr\/promoteur\/proprietes\/residence-les-3-arcs-a\/\" target=\"_self\" ><img data-lazy-load-src=\"https:\/\/www.itineris-building.fr\/promoteur\/wp-content\/uploads\/2022\/03\/22-2-525x328.jpg\" alt=\"R\u00e9sidence Les 3 Arcs &#8211; A\" class=\"img-responsive\" \/><\/a> <\/div><div class=\"item lazy-load-item\"> <a href=\"https:\/\/www.itineris-building.fr\/promoteur\/proprietes\/residence-les-3-arcs-a\/\" target=\"_self\" ><img data-lazy-load-src=\"https:\/\/www.itineris-building.fr\/promoteur\/wp-content\/uploads\/2022\/03\/23-525x328.jpg\" alt=\"R\u00e9sidence Les 3 Arcs &#8211; A\" class=\"img-responsive\" \/><\/a> <\/div><div class=\"item lazy-load-item\"> <a href=\"https:\/\/www.itineris-building.fr\/promoteur\/proprietes\/residence-les-3-arcs-a\/\" target=\"_self\" ><img data-lazy-load-src=\"https:\/\/www.itineris-building.fr\/promoteur\/wp-content\/uploads\/2022\/03\/23-1-525x328.jpg\" alt=\"R\u00e9sidence Les 3 Arcs &#8211; A\" class=\"img-responsive\" \/><\/a> <\/div><div class=\"item lazy-load-item\"> <a href=\"https:\/\/www.itineris-building.fr\/promoteur\/proprietes\/residence-les-3-arcs-a\/\" target=\"_self\" ><img data-lazy-load-src=\"https:\/\/www.itineris-building.fr\/promoteur\/wp-content\/uploads\/2022\/03\/31-525x328.jpg\" alt=\"R\u00e9sidence Les 3 Arcs &#8211; A\" class=\"img-responsive\" \/><\/a> <\/div><div class=\"item lazy-load-item\"> <a href=\"https:\/\/www.itineris-building.fr\/promoteur\/proprietes\/residence-les-3-arcs-a\/\" target=\"_self\" ><img data-lazy-load-src=\"https:\/\/www.itineris-building.fr\/promoteur\/wp-content\/uploads\/2022\/03\/33-525x328.jpg\" alt=\"R\u00e9sidence Les 3 Arcs &#8211; A\" class=\"img-responsive\" \/><\/a> <\/div><div class=\"item lazy-load-item\"> <a href=\"https:\/\/www.itineris-building.fr\/promoteur\/proprietes\/residence-les-3-arcs-a\/\" target=\"_self\" ><img data-lazy-load-src=\"https:\/\/www.itineris-building.fr\/promoteur\/wp-content\/uploads\/2022\/03\/33-1-525x328.jpg\" alt=\"R\u00e9sidence Les 3 Arcs &#8211; A\" class=\"img-responsive\" \/><\/a> <\/div><div class=\"item lazy-load-item\"> <a href=\"https:\/\/www.itineris-building.fr\/promoteur\/proprietes\/residence-les-3-arcs-a\/\" target=\"_self\" ><img data-lazy-load-src=\"https:\/\/www.itineris-building.fr\/promoteur\/wp-content\/uploads\/2022\/03\/16-10-2024-Enduits-facades-Ouest-en-cours-Batiment-A-525x328.jpg\" alt=\"R\u00e9sidence Les 3 Arcs &#8211; A\" class=\"img-responsive\" \/><\/a> <\/div><div class=\"item lazy-load-item\"> <a href=\"https:\/\/www.itineris-building.fr\/promoteur\/proprietes\/residence-les-3-arcs-a\/\" target=\"_self\" ><img data-lazy-load-src=\"https:\/\/www.itineris-building.fr\/promoteur\/wp-content\/uploads\/2022\/03\/12-03-2025-Batiment-A-525x328.jpg\" alt=\"R\u00e9sidence Les 3 Arcs &#8211; A\" class=\"img-responsive\" \/><\/a> <\/div><div class=\"item lazy-load-item\"> <a href=\"https:\/\/www.itineris-building.fr\/promoteur\/proprietes\/residence-les-3-arcs-a\/\" target=\"_self\" ><img data-lazy-load-src=\"https:\/\/www.itineris-building.fr\/promoteur\/wp-content\/uploads\/2022\/03\/10-10-2024-Peintures-en-cours-Batiment-A-525x328.jpg\" alt=\"R\u00e9sidence Les 3 Arcs &#8211; A\" class=\"img-responsive\" \/><\/a> <\/div><div class=\"item lazy-load-item\"> <a href=\"https:\/\/www.itineris-building.fr\/promoteur\/proprietes\/residence-les-3-arcs-a\/\" target=\"_self\" ><img data-lazy-load-src=\"https:\/\/www.itineris-building.fr\/promoteur\/wp-content\/uploads\/2022\/03\/12-04-2024-Vue-Sud-Ouest-525x328.jpg\" alt=\"R\u00e9sidence Les 3 Arcs &#8211; A\" class=\"img-responsive\" \/><\/a> <\/div><div class=\"item lazy-load-item\"> <a href=\"https:\/\/www.itineris-building.fr\/promoteur\/proprietes\/residence-les-3-arcs-a\/\" target=\"_self\" ><img data-lazy-load-src=\"https:\/\/www.itineris-building.fr\/promoteur\/wp-content\/uploads\/2022\/03\/10-07-2024-Passage-des-reseaux-exterieurs-en-cours-Batiment-A-525x328.jpg\" alt=\"R\u00e9sidence Les 3 Arcs &#8211; A\" class=\"img-responsive\" \/><\/a> <\/div><div class=\"item lazy-load-item\"> <a href=\"https:\/\/www.itineris-building.fr\/promoteur\/proprietes\/residence-les-3-arcs-a\/\" target=\"_self\" ><img data-lazy-load-src=\"https:\/\/www.itineris-building.fr\/promoteur\/wp-content\/uploads\/2022\/03\/23-04-2024-Pose-de-la-pierre-de-facade-en-cours-525x328.jpg\" alt=\"R\u00e9sidence Les 3 Arcs &#8211; A\" class=\"img-responsive\" \/><\/a> <\/div><div class=\"item lazy-load-item\"> <a href=\"https:\/\/www.itineris-building.fr\/promoteur\/proprietes\/residence-les-3-arcs-a\/\" target=\"_self\" ><img data-lazy-load-src=\"https:\/\/www.itineris-building.fr\/promoteur\/wp-content\/uploads\/2022\/03\/10-07-2024-Facades-Nord-et-Est-achevees-Batiment-A-525x328.jpg\" alt=\"R\u00e9sidence Les 3 Arcs &#8211; A\" class=\"img-responsive\" \/><\/a> <\/div><div class=\"item lazy-load-item\"> <a href=\"https:\/\/www.itineris-building.fr\/promoteur\/proprietes\/residence-les-3-arcs-a\/\" target=\"_self\" ><img data-lazy-load-src=\"https:\/\/www.itineris-building.fr\/promoteur\/wp-content\/uploads\/2022\/03\/25-09-2023-Elevation-gros-oeuvre-en-cours-Batiment-A-525x328.jpg\" alt=\"R\u00e9sidence Les 3 Arcs &#8211; A\" class=\"img-responsive\" \/><\/a> <\/div><div class=\"item lazy-load-item\"> <a href=\"https:\/\/www.itineris-building.fr\/promoteur\/proprietes\/residence-les-3-arcs-a\/\" target=\"_self\" ><img data-lazy-load-src=\"https:\/\/www.itineris-building.fr\/promoteur\/wp-content\/uploads\/2022\/03\/25-09-2023-Dalle-du-2eme-etage-en-cours-Batiment-A-1-525x328.jpg\" alt=\"R\u00e9sidence Les 3 Arcs &#8211; A\" class=\"img-responsive\" \/><\/a> <\/div><div class=\"item lazy-load-item\"> <a href=\"https:\/\/www.itineris-building.fr\/promoteur\/proprietes\/residence-les-3-arcs-a\/\" target=\"_self\" ><img data-lazy-load-src=\"https:\/\/www.itineris-building.fr\/promoteur\/wp-content\/uploads\/2022\/03\/03-10-2023-Elevation-2eme-etage-Batiment-A-525x328.jpg\" alt=\"R\u00e9sidence Les 3 Arcs &#8211; A\" class=\"img-responsive\" \/><\/a> <\/div><div class=\"item lazy-load-item\"> <a href=\"https:\/\/www.itineris-building.fr\/promoteur\/proprietes\/residence-les-3-arcs-a\/\" target=\"_self\" ><img data-lazy-load-src=\"https:\/\/www.itineris-building.fr\/promoteur\/wp-content\/uploads\/2022\/03\/25-09-2023-Dalle-du-2eme-etage-en-cours-Batiment-A-2-525x328.jpg\" alt=\"R\u00e9sidence Les 3 Arcs &#8211; A\" class=\"img-responsive\" \/><\/a> <\/div><div class=\"item lazy-load-item\"> <a href=\"https:\/\/www.itineris-building.fr\/promoteur\/proprietes\/residence-les-3-arcs-a\/\" target=\"_self\" ><img data-lazy-load-src=\"https:\/\/www.itineris-building.fr\/promoteur\/wp-content\/uploads\/2022\/03\/Pose-carrelage-en-cours-Bat-A-02-08-2024-525x328.jpg\" alt=\"R\u00e9sidence Les 3 Arcs &#8211; A\" class=\"img-responsive\" \/><\/a> <\/div><div class=\"item lazy-load-item\"> <a href=\"https:\/\/www.itineris-building.fr\/promoteur\/proprietes\/residence-les-3-arcs-a\/\" target=\"_self\" ><img data-lazy-load-src=\"https:\/\/www.itineris-building.fr\/promoteur\/wp-content\/uploads\/2022\/03\/03-10-2023-Vue-Nord-Est-2eme-etage-525x328.jpg\" alt=\"R\u00e9sidence Les 3 Arcs &#8211; A\" class=\"img-responsive\" \/><\/a> <\/div><div class=\"item lazy-load-item\"> <a href=\"https:\/\/www.itineris-building.fr\/promoteur\/proprietes\/residence-les-3-arcs-a\/\" target=\"_self\" ><img data-lazy-load-src=\"https:\/\/www.itineris-building.fr\/promoteur\/wp-content\/uploads\/2022\/03\/14-12-2023-Etancheite-en-cours-525x328.jpg\" alt=\"R\u00e9sidence Les 3 Arcs &#8211; A\" class=\"img-responsive\" \/><\/a> <\/div><div class=\"item lazy-load-item\"> <a href=\"https:\/\/www.itineris-building.fr\/promoteur\/proprietes\/residence-les-3-arcs-a\/\" target=\"_self\" ><img data-lazy-load-src=\"https:\/\/www.itineris-building.fr\/promoteur\/wp-content\/uploads\/2022\/03\/07-06-2024-Facade-Sud-en-cours-525x328.jpg\" alt=\"R\u00e9sidence Les 3 Arcs &#8211; A\" class=\"img-responsive\" \/><\/a> <\/div><div class=\"item lazy-load-item\"> <a href=\"https:\/\/www.itineris-building.fr\/promoteur\/proprietes\/residence-les-3-arcs-a\/\" target=\"_self\" ><img data-lazy-load-src=\"https:\/\/www.itineris-building.fr\/promoteur\/wp-content\/uploads\/2022\/03\/08-08-2024-Pose-des-dalles-sur-plots-en-cours-Batiment-A-525x328.jpg\" alt=\"R\u00e9sidence Les 3 Arcs &#8211; A\" class=\"img-responsive\" \/><\/a> <\/div><div class=\"item lazy-load-item\"> <a href=\"https:\/\/www.itineris-building.fr\/promoteur\/proprietes\/residence-les-3-arcs-a\/\" target=\"_self\" ><img data-lazy-load-src=\"https:\/\/www.itineris-building.fr\/promoteur\/wp-content\/uploads\/2022\/03\/08-08-2024-Pose-des-dalles-sur-plots-en-cours-Batiment-A-1-525x328.jpg\" alt=\"R\u00e9sidence Les 3 Arcs &#8211; A\" class=\"img-responsive\" \/><\/a> <\/div><div class=\"item lazy-load-item\"> <a href=\"https:\/\/www.itineris-building.fr\/promoteur\/proprietes\/residence-les-3-arcs-a\/\" target=\"_self\" ><img data-lazy-load-src=\"https:\/\/www.itineris-building.fr\/promoteur\/wp-content\/uploads\/2022\/03\/08-08-2024-Carrelage-en-cours-Batiment-A-525x328.jpg\" alt=\"R\u00e9sidence Les 3 Arcs &#8211; A\" class=\"img-responsive\" \/><\/a> <\/div><div class=\"item lazy-load-item\"> <a href=\"https:\/\/www.itineris-building.fr\/promoteur\/proprietes\/residence-les-3-arcs-a\/\" target=\"_self\" ><img data-lazy-load-src=\"https:\/\/www.itineris-building.fr\/promoteur\/wp-content\/uploads\/2022\/03\/21-06-2024-Facade-sud-achevee-525x328.jpg\" alt=\"R\u00e9sidence Les 3 Arcs &#8211; A\" class=\"img-responsive\" \/><\/a> <\/div><div class=\"item lazy-load-item\"> <a href=\"https:\/\/www.itineris-building.fr\/promoteur\/proprietes\/residence-les-3-arcs-a\/\" target=\"_self\" ><img data-lazy-load-src=\"https:\/\/www.itineris-building.fr\/promoteur\/wp-content\/uploads\/2022\/03\/08-08-2024-Pose-des-garde-corps-achevee-525x328.jpg\" alt=\"R\u00e9sidence Les 3 Arcs &#8211; A\" class=\"img-responsive\" \/><\/a> <\/div><div class=\"item lazy-load-item\"> <a href=\"https:\/\/www.itineris-building.fr\/promoteur\/proprietes\/residence-les-3-arcs-a\/\" target=\"_self\" ><img data-lazy-load-src=\"https:\/\/www.itineris-building.fr\/promoteur\/wp-content\/uploads\/2022\/03\/24-01-2024-Terrasses-du-dernier-etage-525x328.jpg\" alt=\"R\u00e9sidence Les 3 Arcs &#8211; A\" class=\"img-responsive\" \/><\/a> <\/div><div class=\"item lazy-load-item\"> <a href=\"https:\/\/www.itineris-building.fr\/promoteur\/proprietes\/residence-les-3-arcs-a\/\" target=\"_self\" ><img data-lazy-load-src=\"https:\/\/www.itineris-building.fr\/promoteur\/wp-content\/uploads\/2022\/03\/24-01-2024-Terrasses-du-dernier-etage-2-525x328.jpg\" alt=\"R\u00e9sidence Les 3 Arcs &#8211; A\" class=\"img-responsive\" \/><\/a> <\/div><div class=\"item lazy-load-item\"> <a href=\"https:\/\/www.itineris-building.fr\/promoteur\/proprietes\/residence-les-3-arcs-a\/\" target=\"_self\" ><img data-lazy-load-src=\"https:\/\/www.itineris-building.fr\/promoteur\/wp-content\/uploads\/2022\/03\/14-02-2024-Appartement-temoin-en-cours-2-525x328.jpg\" alt=\"R\u00e9sidence Les 3 Arcs &#8211; A\" class=\"img-responsive\" \/><\/a> <\/div><div class=\"item lazy-load-item\"> <a href=\"https:\/\/www.itineris-building.fr\/promoteur\/proprietes\/residence-les-3-arcs-a\/\" target=\"_self\" ><img data-lazy-load-src=\"https:\/\/www.itineris-building.fr\/promoteur\/wp-content\/uploads\/2022\/03\/14-02-2024-Appartement-temoin-en-cours-525x328.jpg\" alt=\"R\u00e9sidence Les 3 Arcs &#8211; A\" class=\"img-responsive\" \/><\/a> <\/div><div class=\"item lazy-load-item\"> <a href=\"https:\/\/www.itineris-building.fr\/promoteur\/proprietes\/residence-les-3-arcs-a\/\" target=\"_self\" ><img data-lazy-load-src=\"https:\/\/www.itineris-building.fr\/promoteur\/wp-content\/uploads\/2022\/03\/13-09-2024-Realisation-des-faiences-en-cours-Batiments-A-et-C-525x328.jpg\" alt=\"R\u00e9sidence Les 3 Arcs &#8211; A\" class=\"img-responsive\" \/><\/a> <\/div><div class=\"item lazy-load-item\"> <a href=\"https:\/\/www.itineris-building.fr\/promoteur\/proprietes\/residence-les-3-arcs-a\/\" target=\"_self\" ><img data-lazy-load-src=\"https:\/\/www.itineris-building.fr\/promoteur\/wp-content\/uploads\/2022\/03\/17-07-2023-Elevation-des-murs-du-rez-de-chaussee-en-cours-525x328.jpeg\" alt=\"R\u00e9sidence Les 3 Arcs &#8211; A\" class=\"img-responsive\" \/><\/a> <\/div><div class=\"item lazy-load-item\"> <a href=\"https:\/\/www.itineris-building.fr\/promoteur\/proprietes\/residence-les-3-arcs-a\/\" target=\"_self\" ><img data-lazy-load-src=\"https:\/\/www.itineris-building.fr\/promoteur\/wp-content\/uploads\/2022\/03\/13-09-2024-Realisation-des-faiences-en-cours-Batiments-A-et-C--525x328.jpg\" alt=\"R\u00e9sidence Les 3 Arcs &#8211; A\" class=\"img-responsive\" \/><\/a> <\/div><div class=\"item lazy-load-item\"> <a href=\"https:\/\/www.itineris-building.fr\/promoteur\/proprietes\/residence-les-3-arcs-a\/\" target=\"_self\" ><img data-lazy-load-src=\"https:\/\/www.itineris-building.fr\/promoteur\/wp-content\/uploads\/2022\/03\/24-10-2023-Vue-du-3eme-etage-du-batiment-A-525x328.jpg\" alt=\"R\u00e9sidence Les 3 Arcs &#8211; A\" class=\"img-responsive\" \/><\/a> <\/div><div class=\"item lazy-load-item\"> <a href=\"https:\/\/www.itineris-building.fr\/promoteur\/proprietes\/residence-les-3-arcs-a\/\" target=\"_self\" ><img data-lazy-load-src=\"https:\/\/www.itineris-building.fr\/promoteur\/wp-content\/uploads\/2022\/03\/24-10-2023-Elevation-murs-en-cours-Batiment-A-525x328.jpg\" alt=\"R\u00e9sidence Les 3 Arcs &#8211; A\" class=\"img-responsive\" \/><\/a> <\/div><div class=\"item lazy-load-item\"> <a href=\"https:\/\/www.itineris-building.fr\/promoteur\/proprietes\/residence-les-3-arcs-a\/\" target=\"_self\" ><img data-lazy-load-src=\"https:\/\/www.itineris-building.fr\/promoteur\/wp-content\/uploads\/2022\/03\/23-02-2024-Platreries-en-cours-525x328.jpg\" alt=\"R\u00e9sidence Les 3 Arcs &#8211; A\" class=\"img-responsive\" \/><\/a> <\/div><div class=\"item lazy-load-item\"> <a href=\"https:\/\/www.itineris-building.fr\/promoteur\/proprietes\/residence-les-3-arcs-a\/\" target=\"_self\" ><img data-lazy-load-src=\"https:\/\/www.itineris-building.fr\/promoteur\/wp-content\/uploads\/2022\/03\/23-02-2024-Platreries-en-cours-2-525x328.jpg\" alt=\"R\u00e9sidence Les 3 Arcs &#8211; A\" class=\"img-responsive\" \/><\/a> <\/div><div class=\"item lazy-load-item\"> <a href=\"https:\/\/www.itineris-building.fr\/promoteur\/proprietes\/residence-les-3-arcs-a\/\" target=\"_self\" ><img data-lazy-load-src=\"https:\/\/www.itineris-building.fr\/promoteur\/wp-content\/uploads\/2022\/03\/08-11-2023-Elevation-des-murs-du-dernier-etage-en-cours-dachevement-A-525x328.jpg\" alt=\"R\u00e9sidence Les 3 Arcs &#8211; A\" class=\"img-responsive\" \/><\/a> <\/div><div class=\"item lazy-load-item\"> <a href=\"https:\/\/www.itineris-building.fr\/promoteur\/proprietes\/residence-les-3-arcs-a\/\" target=\"_self\" ><img data-lazy-load-src=\"https:\/\/www.itineris-building.fr\/promoteur\/wp-content\/uploads\/2022\/03\/02-08-2023-Dalle-du-1er-etage-525x328.jpg\" alt=\"R\u00e9sidence Les 3 Arcs &#8211; A\" class=\"img-responsive\" \/><\/a> <\/div><div class=\"item lazy-load-item\"> <a href=\"https:\/\/www.itineris-building.fr\/promoteur\/proprietes\/residence-les-3-arcs-a\/\" target=\"_self\" ><img data-lazy-load-src=\"https:\/\/www.itineris-building.fr\/promoteur\/wp-content\/uploads\/2022\/03\/12-03-2024-Platrerie-en-cours-525x328.jpg\" alt=\"R\u00e9sidence Les 3 Arcs &#8211; A\" class=\"img-responsive\" \/><\/a> <\/div><div class=\"item lazy-load-item\"> <a href=\"https:\/\/www.itineris-building.fr\/promoteur\/proprietes\/residence-les-3-arcs-a\/\" target=\"_self\" ><img data-lazy-load-src=\"https:\/\/www.itineris-building.fr\/promoteur\/wp-content\/uploads\/2022\/03\/12-03-2024-Platrerie-en-cours-2-525x328.jpg\" alt=\"R\u00e9sidence Les 3 Arcs &#8211; A\" class=\"img-responsive\" \/><\/a> <\/div><div class=\"item lazy-load-item\"> <a href=\"https:\/\/www.itineris-building.fr\/promoteur\/proprietes\/residence-les-3-arcs-a\/\" target=\"_self\" ><img data-lazy-load-src=\"https:\/\/www.itineris-building.fr\/promoteur\/wp-content\/uploads\/2022\/03\/15-11-2023-Vue-du-3eme-etage-525x328.jpg\" alt=\"R\u00e9sidence Les 3 Arcs &#8211; A\" class=\"img-responsive\" \/><\/a> <\/div><div class=\"item lazy-load-item\"> <a href=\"https:\/\/www.itineris-building.fr\/promoteur\/proprietes\/residence-les-3-arcs-a\/\" target=\"_self\" ><img data-lazy-load-src=\"https:\/\/www.itineris-building.fr\/promoteur\/wp-content\/uploads\/2022\/03\/04-08-2023-Fondations-du-batiment-C-en-cours-525x328.jpg\" alt=\"R\u00e9sidence Les 3 Arcs &#8211; A\" class=\"img-responsive\" \/><\/a> <\/div><div class=\"item lazy-load-item\"> <a href=\"https:\/\/www.itineris-building.fr\/promoteur\/proprietes\/residence-les-3-arcs-a\/\" target=\"_self\" ><img data-lazy-load-src=\"https:\/\/www.itineris-building.fr\/promoteur\/wp-content\/uploads\/2022\/03\/03-04-2024-Demarrage-des-travaux-de-facades-525x328.jpg\" alt=\"R\u00e9sidence Les 3 Arcs &#8211; A\" class=\"img-responsive\" \/><\/a> <\/div><div class=\"item lazy-load-item\"> <a href=\"https:\/\/www.itineris-building.fr\/promoteur\/proprietes\/residence-les-3-arcs-a\/\" target=\"_self\" ><img data-lazy-load-src=\"https:\/\/www.itineris-building.fr\/promoteur\/wp-content\/uploads\/2022\/03\/29-11-2023-Toiture-terrasse-en-cours-de-ferraillage-525x328.jpg\" alt=\"R\u00e9sidence Les 3 Arcs &#8211; A\" class=\"img-responsive\" \/><\/a> <\/div><div class=\"item lazy-load-item\"> <a href=\"https:\/\/www.itineris-building.fr\/promoteur\/proprietes\/residence-les-3-arcs-a\/\" target=\"_self\" ><img data-lazy-load-src=\"https:\/\/www.itineris-building.fr\/promoteur\/wp-content\/uploads\/2022\/03\/02-07-2024-Facades-en-cours-525x328.jpg\" alt=\"R\u00e9sidence Les 3 Arcs &#8211; A\" class=\"img-responsive\" \/><\/a> <\/div><div class=\"item lazy-load-item\"> <a href=\"https:\/\/www.itineris-building.fr\/promoteur\/proprietes\/residence-les-3-arcs-a\/\" target=\"_self\" ><img data-lazy-load-src=\"https:\/\/www.itineris-building.fr\/promoteur\/wp-content\/uploads\/2022\/03\/04-07-2024-Amenagement-des-exterieurs-en-cours-525x328.jpg\" alt=\"R\u00e9sidence Les 3 Arcs &#8211; A\" class=\"img-responsive\" \/><\/a> <\/div><div class=\"item lazy-load-item\"> <a href=\"https:\/\/www.itineris-building.fr\/promoteur\/proprietes\/residence-les-3-arcs-a\/\" target=\"_self\" ><img data-lazy-load-src=\"https:\/\/www.itineris-building.fr\/promoteur\/wp-content\/uploads\/2022\/03\/30-08-2023-Elevation-du-1er-etage-525x328.jpg\" alt=\"R\u00e9sidence Les 3 Arcs &#8211; A\" class=\"img-responsive\" \/><\/a> <\/div><div class=\"item lazy-load-item\"> <a href=\"https:\/\/www.itineris-building.fr\/promoteur\/proprietes\/residence-les-3-arcs-a\/\" target=\"_self\" ><img data-lazy-load-src=\"https:\/\/www.itineris-building.fr\/promoteur\/wp-content\/uploads\/2022\/03\/08-04-2024-Platrerie-rez-de-chaussee-et-1er-etage-achevee-525x328.jpg\" alt=\"R\u00e9sidence Les 3 Arcs &#8211; A\" class=\"img-responsive\" \/><\/a> <\/div><div class=\"item lazy-load-item\"> <a href=\"https:\/\/www.itineris-building.fr\/promoteur\/proprietes\/residence-les-3-arcs-a\/\" target=\"_self\" ><img data-lazy-load-src=\"https:\/\/www.itineris-building.fr\/promoteur\/wp-content\/uploads\/2022\/03\/Batiment-A-Pose-carrelage-120-x120-17072024-525x328.jpg\" alt=\"R\u00e9sidence Les 3 Arcs &#8211; A\" class=\"img-responsive\" \/><\/a> <\/div><div class=\"item lazy-load-item\"> <a href=\"https:\/\/www.itineris-building.fr\/promoteur\/proprietes\/residence-les-3-arcs-a\/\" target=\"_self\" ><img data-lazy-load-src=\"https:\/\/www.itineris-building.fr\/promoteur\/wp-content\/uploads\/2022\/03\/08-07-2024-Terrasses-en-cours-damenagement-Batiment-A-525x328.jpg\" alt=\"R\u00e9sidence Les 3 Arcs &#8211; A\" class=\"img-responsive\" \/><\/a> <\/div><div class=\"item lazy-load-item\"> <a href=\"https:\/\/www.itineris-building.fr\/promoteur\/proprietes\/residence-les-3-arcs-a\/\" target=\"_self\" ><img data-lazy-load-src=\"https:\/\/www.itineris-building.fr\/promoteur\/wp-content\/uploads\/2022\/03\/Vue-Nord-525x328.jpeg\" alt=\"R\u00e9sidence Les 3 Arcs &#8211; A\" class=\"img-responsive\" \/><\/a> <\/div><div class=\"item lazy-load-item\"> <a href=\"https:\/\/www.itineris-building.fr\/promoteur\/proprietes\/residence-les-3-arcs-a\/\" target=\"_self\" ><img data-lazy-load-src=\"https:\/\/www.itineris-building.fr\/promoteur\/wp-content\/uploads\/2022\/03\/Vue-Sud-Ouest-525x328.jpeg\" alt=\"R\u00e9sidence Les 3 Arcs &#8211; A\" class=\"img-responsive\" \/><\/a> <\/div><div class=\"item lazy-load-item\"> <a href=\"https:\/\/www.itineris-building.fr\/promoteur\/proprietes\/residence-les-3-arcs-a\/\" target=\"_self\" ><img data-lazy-load-src=\"https:\/\/www.itineris-building.fr\/promoteur\/wp-content\/uploads\/2022\/03\/20-06-2023-Poutraison-sous-sol-en-cours-525x328.png\" alt=\"R\u00e9sidence Les 3 Arcs &#8211; A\" class=\"img-responsive\" \/><\/a> <\/div><div class=\"item lazy-load-item\"> <a href=\"https:\/\/www.itineris-building.fr\/promoteur\/proprietes\/residence-les-3-arcs-a\/\" target=\"_self\" ><img data-lazy-load-src=\"https:\/\/www.itineris-building.fr\/promoteur\/wp-content\/uploads\/2022\/03\/27-06-2023-Dalle-du-rez-de-chaussee-en-cours-de-preparation-525x328.jpg\" alt=\"R\u00e9sidence Les 3 Arcs &#8211; A\" class=\"img-responsive\" \/><\/a> <\/div><div class=\"item lazy-load-item\"> <a href=\"https:\/\/www.itineris-building.fr\/promoteur\/proprietes\/residence-les-3-arcs-a\/\" target=\"_self\" ><img data-lazy-load-src=\"https:\/\/www.itineris-building.fr\/promoteur\/wp-content\/uploads\/2022\/03\/27-06-2023-Dalle-du-rez-de-chaussee-en-cours-de-preparation-2-525x328.jpg\" alt=\"R\u00e9sidence Les 3 Arcs &#8211; A\" class=\"img-responsive\" \/><\/a> <\/div><div class=\"item lazy-load-item\"> <a href=\"https:\/\/www.itineris-building.fr\/promoteur\/proprietes\/residence-les-3-arcs-a\/\" target=\"_self\" ><img data-lazy-load-src=\"https:\/\/www.itineris-building.fr\/promoteur\/wp-content\/uploads\/2022\/03\/13-04-2023-Dallage-du-sous-sol-acheve-525x328.jpg\" alt=\"R\u00e9sidence Les 3 Arcs &#8211; A\" class=\"img-responsive\" \/><\/a> <\/div><div class=\"item lazy-load-item\"> <a href=\"https:\/\/www.itineris-building.fr\/promoteur\/proprietes\/residence-les-3-arcs-a\/\" target=\"_self\" ><img data-lazy-load-src=\"https:\/\/www.itineris-building.fr\/promoteur\/wp-content\/uploads\/2022\/03\/ELEVATIONS-SUD-ET-EST-1-525x328.png\" alt=\"R\u00e9sidence Les 3 Arcs &#8211; A\" class=\"img-responsive\" \/><\/a> <\/div><div class=\"item lazy-load-item\"> <a href=\"https:\/\/www.itineris-building.fr\/promoteur\/proprietes\/residence-les-3-arcs-a\/\" target=\"_self\" ><img data-lazy-load-src=\"https:\/\/www.itineris-building.fr\/promoteur\/wp-content\/uploads\/2022\/03\/SITUATION-525x328.png\" alt=\"R\u00e9sidence Les 3 Arcs &#8211; A\" class=\"img-responsive\" \/><\/a> <\/div><div class=\"item lazy-load-item\"> <a href=\"https:\/\/www.itineris-building.fr\/promoteur\/proprietes\/residence-les-3-arcs-a\/\" target=\"_self\" ><img data-lazy-load-src=\"https:\/\/www.itineris-building.fr\/promoteur\/wp-content\/uploads\/2022\/03\/PLAN-MASSE-525x328.png\" alt=\"R\u00e9sidence Les 3 Arcs &#8211; A\" class=\"img-responsive\" \/><\/a> <\/div><div class=\"item lazy-load-item\"> <a href=\"https:\/\/www.itineris-building.fr\/promoteur\/proprietes\/residence-les-3-arcs-a\/\" target=\"_self\" ><img data-lazy-load-src=\"https:\/\/www.itineris-building.fr\/promoteur\/wp-content\/uploads\/2022\/03\/PERSPECTIVE-1-525x328.png\" alt=\"R\u00e9sidence Les 3 Arcs &#8211; A\" class=\"img-responsive\" \/><\/a> <\/div><div class=\"item lazy-load-item\"> <a href=\"https:\/\/www.itineris-building.fr\/promoteur\/proprietes\/residence-les-3-arcs-a\/\" target=\"_self\" ><img data-lazy-load-src=\"https:\/\/www.itineris-building.fr\/promoteur\/wp-content\/uploads\/2022\/03\/PERSPECTIVE-2-525x328.png\" alt=\"R\u00e9sidence Les 3 Arcs &#8211; A\" class=\"img-responsive\" \/><\/a> <\/div><div class=\"item lazy-load-item\"> <a href=\"https:\/\/www.itineris-building.fr\/promoteur\/proprietes\/residence-les-3-arcs-a\/\" target=\"_self\" ><img data-lazy-load-src=\"https:\/\/www.itineris-building.fr\/promoteur\/wp-content\/uploads\/2022\/03\/12-07-2023-Elevation-des-murs-du-rez-de-chaussee-en-cours-525x328.jpg\" alt=\"R\u00e9sidence Les 3 Arcs &#8211; A\" class=\"img-responsive\" \/><\/a> <\/div><div class=\"item lazy-load-item\"> <a href=\"https:\/\/www.itineris-building.fr\/promoteur\/proprietes\/residence-les-3-arcs-a\/\" target=\"_self\" ><img data-lazy-load-src=\"https:\/\/www.itineris-building.fr\/promoteur\/wp-content\/uploads\/2022\/03\/ELEVATIONS-SUD-ET-EST-525x328.png\" alt=\"R\u00e9sidence Les 3 Arcs &#8211; A\" class=\"img-responsive\" \/><\/a> <\/div><div class=\"item lazy-load-item\"> <a href=\"https:\/\/www.itineris-building.fr\/promoteur\/proprietes\/residence-les-3-arcs-a\/\" target=\"_self\" ><img data-lazy-load-src=\"https:\/\/www.itineris-building.fr\/promoteur\/wp-content\/uploads\/2022\/03\/ELEVATIONS-NORD-ET-OUEST-525x328.png\" alt=\"R\u00e9sidence Les 3 Arcs &#8211; A\" class=\"img-responsive\" \/><\/a> <\/div><div class=\"item lazy-load-item\"> <a href=\"https:\/\/www.itineris-building.fr\/promoteur\/proprietes\/residence-les-3-arcs-a\/\" target=\"_self\" ><img data-lazy-load-src=\"https:\/\/www.itineris-building.fr\/promoteur\/wp-content\/uploads\/2022\/03\/VUE-AERIENNE-1-525x328.png\" alt=\"R\u00e9sidence Les 3 Arcs &#8211; A\" class=\"img-responsive\" \/><\/a> <\/div><div class=\"item lazy-load-item\"> <a href=\"https:\/\/www.itineris-building.fr\/promoteur\/proprietes\/residence-les-3-arcs-a\/\" target=\"_self\" ><img data-lazy-load-src=\"https:\/\/www.itineris-building.fr\/promoteur\/wp-content\/uploads\/2022\/03\/22020-ITINERIS_Les3Arcs_integration_04_150dpi-525x328.jpg\" alt=\"R\u00e9sidence Les 3 Arcs &#8211; A\" class=\"img-responsive\" \/><\/a> <\/div><div class=\"item lazy-load-item\"> <a href=\"https:\/\/www.itineris-building.fr\/promoteur\/proprietes\/residence-les-3-arcs-a\/\" target=\"_self\" ><img data-lazy-load-src=\"https:\/\/www.itineris-building.fr\/promoteur\/wp-content\/uploads\/2022\/03\/Vue-Nord-Ouest-525x328.jpeg\" alt=\"R\u00e9sidence Les 3 Arcs &#8211; A\" class=\"img-responsive\" \/><\/a> <\/div><div class=\"item lazy-load-item\"> <a href=\"https:\/\/www.itineris-building.fr\/promoteur\/proprietes\/residence-les-3-arcs-a\/\" target=\"_self\" ><img data-lazy-load-src=\"https:\/\/www.itineris-building.fr\/promoteur\/wp-content\/uploads\/2022\/03\/06-04-2023-Terrassement-acheve-525x328.jpg\" alt=\"R\u00e9sidence Les 3 Arcs &#8211; A\" class=\"img-responsive\" \/><\/a> <\/div><div class=\"item lazy-load-item\"> <a href=\"https:\/\/www.itineris-building.fr\/promoteur\/proprietes\/residence-les-3-arcs-a\/\" target=\"_self\" ><img data-lazy-load-src=\"https:\/\/www.itineris-building.fr\/promoteur\/wp-content\/uploads\/2022\/03\/06-04-2023-Terrassement-acheve-2-525x328.jpg\" alt=\"R\u00e9sidence Les 3 Arcs &#8211; A\" class=\"img-responsive\" \/><\/a> <\/div><div class=\"item lazy-load-item\"> <a href=\"https:\/\/www.itineris-building.fr\/promoteur\/proprietes\/residence-les-3-arcs-a\/\" target=\"_self\" ><img data-lazy-load-src=\"https:\/\/www.itineris-building.fr\/promoteur\/wp-content\/uploads\/2022\/03\/24-04-2023-Fondations-en-cours-de-realisation-525x328.jpg\" alt=\"R\u00e9sidence Les 3 Arcs &#8211; A\" class=\"img-responsive\" \/><\/a> <\/div><div class=\"item lazy-load-item\"> <a href=\"https:\/\/www.itineris-building.fr\/promoteur\/proprietes\/residence-les-3-arcs-a\/\" target=\"_self\" ><img data-lazy-load-src=\"https:\/\/www.itineris-building.fr\/promoteur\/wp-content\/uploads\/2022\/03\/28-04-2023-Elevation-des-murs-peripheriques-du-sous-sol-525x328.jpeg\" alt=\"R\u00e9sidence Les 3 Arcs &#8211; A\" class=\"img-responsive\" \/><\/a> <\/div><div class=\"item lazy-load-item\"> <a href=\"https:\/\/www.itineris-building.fr\/promoteur\/proprietes\/residence-les-3-arcs-a\/\" target=\"_self\" ><img data-lazy-load-src=\"https:\/\/www.itineris-building.fr\/promoteur\/wp-content\/uploads\/2022\/03\/11-05-2023-Montage-de-la-grue-en-cours-525x328.jpeg\" alt=\"R\u00e9sidence Les 3 Arcs &#8211; A\" class=\"img-responsive\" \/><\/a> <\/div><div class=\"item lazy-load-item\"> <a href=\"https:\/\/www.itineris-building.fr\/promoteur\/proprietes\/residence-les-3-arcs-a\/\" target=\"_self\" ><img data-lazy-load-src=\"https:\/\/www.itineris-building.fr\/promoteur\/wp-content\/uploads\/2022\/03\/11-05-2023-Sous-sol-Batiment-A-en-cours-525x328.jpeg\" alt=\"R\u00e9sidence Les 3 Arcs &#8211; A\" class=\"img-responsive\" \/><\/a> <\/div><div class=\"item lazy-load-item\"> <a href=\"https:\/\/www.itineris-building.fr\/promoteur\/proprietes\/residence-les-3-arcs-a\/\" target=\"_self\" ><img data-lazy-load-src=\"https:\/\/www.itineris-building.fr\/promoteur\/wp-content\/uploads\/2022\/03\/Grue-525x328.jpeg\" alt=\"R\u00e9sidence Les 3 Arcs &#8211; A\" class=\"img-responsive\" \/><\/a> <\/div><div class=\"item lazy-load-item\"> <a href=\"https:\/\/www.itineris-building.fr\/promoteur\/proprietes\/residence-les-3-arcs-a\/\" target=\"_self\" ><img data-lazy-load-src=\"https:\/\/www.itineris-building.fr\/promoteur\/wp-content\/uploads\/2022\/03\/29-03-2023-Achevement-du-terrassement-en-cours-525x328.jpeg\" alt=\"R\u00e9sidence Les 3 Arcs &#8211; A\" class=\"img-responsive\" \/><\/a> <\/div><div class=\"item lazy-load-item\"> <a href=\"https:\/\/www.itineris-building.fr\/promoteur\/proprietes\/residence-les-3-arcs-a\/\" target=\"_self\" ><img data-lazy-load-src=\"https:\/\/www.itineris-building.fr\/promoteur\/wp-content\/uploads\/2022\/03\/Plan-masse-1-525x328.jpg\" alt=\"R\u00e9sidence Les 3 Arcs &#8211; A\" class=\"img-responsive\" \/><\/a> <\/div><div class=\"item lazy-load-item\"> <a href=\"https:\/\/www.itineris-building.fr\/promoteur\/proprietes\/residence-les-3-arcs-a\/\" target=\"_self\" ><img data-lazy-load-src=\"https:\/\/www.itineris-building.fr\/promoteur\/wp-content\/uploads\/2022\/03\/02-03-2023-Demarrage-des-travaux-de-soutenement-525x328.jpeg\" alt=\"R\u00e9sidence Les 3 Arcs &#8211; A\" class=\"img-responsive\" \/><\/a> <\/div><div class=\"item lazy-load-item\"> <a href=\"https:\/\/www.itineris-building.fr\/promoteur\/proprietes\/residence-les-3-arcs-a\/\" target=\"_self\" ><img data-lazy-load-src=\"https:\/\/www.itineris-building.fr\/promoteur\/wp-content\/uploads\/2022\/03\/17-02-2023-Terrassement-en-cours-525x328.jpg\" alt=\"R\u00e9sidence Les 3 Arcs &#8211; A\" class=\"img-responsive\" \/><\/a> <\/div><div class=\"item lazy-load-item\"> <a href=\"https:\/\/www.itineris-building.fr\/promoteur\/proprietes\/residence-les-3-arcs-a\/\" target=\"_self\" ><img data-lazy-load-src=\"https:\/\/www.itineris-building.fr\/promoteur\/wp-content\/uploads\/2022\/03\/17-03-2023-Travaux-de-soutenement-acheves-525x328.jpeg\" alt=\"R\u00e9sidence Les 3 Arcs &#8211; A\" class=\"img-responsive\" \/><\/a> <\/div><div class=\"item lazy-load-item\"> <a href=\"https:\/\/www.itineris-building.fr\/promoteur\/proprietes\/residence-les-3-arcs-a\/\" target=\"_self\" ><img data-lazy-load-src=\"https:\/\/www.itineris-building.fr\/promoteur\/wp-content\/uploads\/2022\/03\/24-02-2023-Fin-de-terrassement-de-la-premiere-passe-525x328.jpg\" alt=\"R\u00e9sidence Les 3 Arcs &#8211; A\" class=\"img-responsive\" \/><\/a> <\/div> <\/div> <a href=\"https:\/\/www.itineris-building.fr\/promoteur\/proprietes\/residence-les-3-arcs-a\/\" target=\"_self\" > <\/a><a class=\"left carousel-control\" href=\"#property_unit_carousel_69f35398de19e\" data-slide=\"prev\"> <i class=\"demo-icon icon-left-open-big\"><\/i> <\/a> <a class=\"right carousel-control\" href=\"#property_unit_carousel_69f35398de19e\" data-slide=\"next\"> <i class=\"demo-icon icon-right-open-big\"><\/i> <\/a> <\/div><div class=\"tag-wrapper\"><div class=\"featured_div\">En vedette<\/div><div class=\"status-wrapper\"><div class=\"action_tag_wrapper En cours de commercialisation \">En cours de commercialisation<\/div><\/div><\/div><\/div> <h4><a href=\"https:\/\/www.itineris-building.fr\/promoteur\/proprietes\/residence-les-3-arcs-a\/\" target=\"_self\"> R\u00e9sidence Les 3 Arcs &#8211; A <\/a> <\/h4> <div class=\"listing_unit_price_wrapper\"><span class=\"price_label\"><\/span><\/div> <div class=\"listing_details the_grid_view\"> ADRESSE 26, Avenue Massenet, 63400 Chamali\u00e8res LIVRAISON 2025 LA R\u00c9SIDENCE SITUATION LA R\u00c9SIDENCE 17 appartements d <a href=\"https:\/\/www.itineris-building.fr\/promoteur\/proprietes\/residence-les-3-arcs-a\/\" class=\"unit_more_x\">[plus]<\/a> <\/div> <div class=\"listing_details the_list_view\"> ADRESSE 26, Avenue Massenet, 63400 Chamali\u00e8res LIVRAISON 2025 LA R\u00c9SIDENCE SITUATION LA R\u00c9SIDENCE 17 appartements d <a href=\"https:\/\/www.itineris-building.fr\/promoteur\/proprietes\/residence-les-3-arcs-a\/\" class=\"unit_more_x\">[plus]<\/a> <\/div> <div class=\"property_listing_details\"> <a href=\"https:\/\/www.itineris-building.fr\/promoteur\/proprietes\/residence-les-3-arcs-a\/\" target=\"_self\" class=\"unit_details_x\">info compl\u00e8te<\/a> <\/div> <div class=\"property_location\"> <div class=\"property_agent_wrapper\"> <div class=\"property_agent_image\" style=\"background-image:url('https:\/\/www.itineris-building.fr\/promoteur\/wp-content\/themes\/wpresidence\/img\/default-user_1.png')\"><\/div> <div class=\"property_agent_image_sign\"><i class=\"fa fa-user-circle-o\" aria-hidden=\"true\"><\/i><\/div> <a href=\"\"><\/a> <\/div> <div class=\"listing_actions\"> <div class=\"share_unit\"> <a href=\"https:\/\/www.facebook.com\/sharer.php?u=https:\/\/www.itineris-building.fr\/promoteur\/proprietes\/residence-les-3-arcs-a\/&amp;t=R%C3%A9sidence+Les+3+Arcs+%26%238211%3B+A\" target=\"_blank\" class=\"social_facebook\"><\/a> <a href=\"https:\/\/twitter.com\/intent\/tweet?text=R%C3%A9sidence+Les+3+Arcs+%26%238211%3B+A+https%3A%2F%2Fwww.itineris-building.fr%2Fpromoteur%2Fproprietes%2Fresidence-les-3-arcs-a%2F\" class=\"social_tweet\" target=\"_blank\"><\/a> <a href=\"https:\/\/pinterest.com\/pin\/create\/button\/?url=https:\/\/www.itineris-building.fr\/promoteur\/proprietes\/residence-les-3-arcs-a\/&amp;media=https:\/\/www.itineris-building.fr\/promoteur\/wp-content\/uploads\/2022\/03\/3-Arcs-pour-slider-1920x790.jpg&amp;description=R%C3%A9sidence+Les+3+Arcs+%26%238211%3B+A\" target=\"_blank\" class=\"social_pinterest\"><\/a> <a href=\"mailto:email@email.com?subject=R%C3%A9sidence+Les+3+Arcs+%26%238211%3B+A&amp;body=https%3A%2F%2Fwww.itineris-building.fr%2Fpromoteur%2Fproprietes%2Fresidence-les-3-arcs-a%2F\" data-action=\"share email\" class=\"social_email\"><\/a> <\/div> <span class=\"share_list\" data-original-title=\"partager\" ><\/span> <span class=\"icon-fav icon-fav-off\" data-original-title=\"ajouter aux Favoris\" data-postid=\"40611\"><\/span> <span class=\"compare-action\" data-original-title=\"comparer\" data-pimage=\"https:\/\/www.itineris-building.fr\/promoteur\/wp-content\/uploads\/2022\/03\/3-Arcs-pour-slider-143x83.jpg\" data-pid=\"40611\"><\/span> <\/div> <\/div> <\/div> <\/div><div class=\"wpestate_listing_sh_loader\">\n       <div class=\"new_prelader\"><\/div>\n        \n    <\/div><div class=\"listinglink-wrapper_sh_listings\">\n               <span class=\"wpresidence_button wpestate_item_list_sh\">Charger plus d&#039;annonces <\/span>\n               <\/div><\/div><script type=\"text\/javascript\">\n                \/\/<![CDATA[\n                jQuery(document).ready(function(){\n                  \/\/  wpestate_anime(\"#wpestate_sh_anime_742\");\n                   \/\/ wpestate_property_list_sh(\"#wpestate_sh_anime_742 .wpestate_item_list_sh\", \"#wpestate_sh_anime_742 .control_tax_sh\");\n                });\n                \/\/]]>\n            <\/script>\t\t\t\t<\/div>\n\t\t\t\t<\/div>\n\t\t\t\t\t<\/div>\n\t\t<\/div>\n\t\t\t\t\t<\/div>\n\t\t<\/section>\n\t\t\t\t<\/div>\n\t\t","protected":false},"excerpt":{"rendered":"<p>EN COURS DE COMMERCIALISATION En cours de commercialisation 1 Avenue de Royat, Chamali\u00e8res En vedetteEn cours de commercialisation R\u00e9sidence Villa Royale Chamali\u00e8res5, Avenue de Royat (localiser la R\u00e9sidence)4 Appartements avec terrasses SUD d&rsquo;environ 119 m21 loc [plus] Chamali\u00e8res5, Avenue de Royat (localiser la R\u00e9sidence)4 Appartements avec terrasses SUD d&rsquo;environ 119 m21 loc [plus] info compl\u00e8te Catherine GRIVILLERS 1 Place Henri Dunant, Clermont-Ferrand Sud En &#8230;<\/p>\n","protected":false},"author":1,"featured_media":0,"parent":0,"menu_order":0,"comment_status":"closed","ping_status":"closed","template":"","meta":{"footnotes":""},"class_list":["post-28705","page","type-page","status-publish","hentry"],"yoast_head":"<!-- This site is optimized with the Yoast SEO plugin v26.8 - https:\/\/yoast.com\/product\/yoast-seo-wordpress\/ -->\n<title>En cours de commercialisation - Itineris Building - Promoteur<\/title>\n<meta name=\"robots\" content=\"index, follow, max-snippet:-1, max-image-preview:large, max-video-preview:-1\" \/>\n<link rel=\"canonical\" href=\"https:\/\/www.itineris-building.fr\/promoteur\/en-cours-de-commercialisation\/\" \/>\n<meta property=\"og:locale\" content=\"fr_FR\" \/>\n<meta property=\"og:type\" content=\"article\" \/>\n<meta property=\"og:title\" content=\"En cours de commercialisation - Itineris Building - Promoteur\" \/>\n<meta property=\"og:description\" content=\"EN COURS DE COMMERCIALISATION En cours de commercialisation 1 Avenue de Royat, Chamali\u00e8res En vedetteEn cours de commercialisation R\u00e9sidence Villa Royale Chamali\u00e8res5, Avenue de Royat (localiser la R\u00e9sidence)4 Appartements avec terrasses SUD d&rsquo;environ 119 m21 loc [plus] Chamali\u00e8res5, Avenue de Royat (localiser la R\u00e9sidence)4 Appartements avec terrasses SUD d&rsquo;environ 119 m21 loc [plus] info compl\u00e8te Catherine GRIVILLERS 1 Place Henri Dunant, Clermont-Ferrand Sud En ...\" \/>\n<meta property=\"og:url\" content=\"https:\/\/www.itineris-building.fr\/promoteur\/en-cours-de-commercialisation\/\" \/>\n<meta property=\"og:site_name\" content=\"Itineris Building - Promoteur\" \/>\n<meta property=\"article:modified_time\" content=\"2020-11-13T10:30:51+00:00\" \/>\n<meta property=\"og:image\" content=\"https:\/\/www.itineris-building.fr\/promoteur\/wp-content\/uploads\/2019\/12\/persNord-2018-02-28-1-525x328.jpg\" \/>\n<meta name=\"twitter:card\" content=\"summary_large_image\" \/>\n<meta name=\"twitter:label1\" content=\"Dur\u00e9e de lecture estim\u00e9e\" \/>\n\t<meta name=\"twitter:data1\" content=\"3 minutes\" \/>\n<script type=\"application\/ld+json\" class=\"yoast-schema-graph\">{\"@context\":\"https:\/\/schema.org\",\"@graph\":[{\"@type\":\"WebPage\",\"@id\":\"https:\/\/www.itineris-building.fr\/promoteur\/en-cours-de-commercialisation\/\",\"url\":\"https:\/\/www.itineris-building.fr\/promoteur\/en-cours-de-commercialisation\/\",\"name\":\"En cours de commercialisation - Itineris Building - Promoteur\",\"isPartOf\":{\"@id\":\"https:\/\/www.itineris-building.fr\/promoteur\/#website\"},\"primaryImageOfPage\":{\"@id\":\"https:\/\/www.itineris-building.fr\/promoteur\/en-cours-de-commercialisation\/#primaryimage\"},\"image\":{\"@id\":\"https:\/\/www.itineris-building.fr\/promoteur\/en-cours-de-commercialisation\/#primaryimage\"},\"thumbnailUrl\":\"https:\/\/www.itineris-building.fr\/promoteur\/wp-content\/uploads\/2019\/12\/persNord-2018-02-28-1-525x328.jpg\",\"datePublished\":\"2019-10-24T08:38:48+00:00\",\"dateModified\":\"2020-11-13T10:30:51+00:00\",\"breadcrumb\":{\"@id\":\"https:\/\/www.itineris-building.fr\/promoteur\/en-cours-de-commercialisation\/#breadcrumb\"},\"inLanguage\":\"fr-FR\",\"potentialAction\":[{\"@type\":\"ReadAction\",\"target\":[\"https:\/\/www.itineris-building.fr\/promoteur\/en-cours-de-commercialisation\/\"]}]},{\"@type\":\"ImageObject\",\"inLanguage\":\"fr-FR\",\"@id\":\"https:\/\/www.itineris-building.fr\/promoteur\/en-cours-de-commercialisation\/#primaryimage\",\"url\":\"https:\/\/www.itineris-building.fr\/promoteur\/wp-content\/uploads\/2019\/12\/persNord-2018-02-28-1.jpg\",\"contentUrl\":\"https:\/\/www.itineris-building.fr\/promoteur\/wp-content\/uploads\/2019\/12\/persNord-2018-02-28-1.jpg\",\"width\":1200,\"height\":900},{\"@type\":\"BreadcrumbList\",\"@id\":\"https:\/\/www.itineris-building.fr\/promoteur\/en-cours-de-commercialisation\/#breadcrumb\",\"itemListElement\":[{\"@type\":\"ListItem\",\"position\":1,\"name\":\"Accueil\",\"item\":\"https:\/\/www.itineris-building.fr\/promoteur\/\"},{\"@type\":\"ListItem\",\"position\":2,\"name\":\"En cours de commercialisation\"}]},{\"@type\":\"WebSite\",\"@id\":\"https:\/\/www.itineris-building.fr\/promoteur\/#website\",\"url\":\"https:\/\/www.itineris-building.fr\/promoteur\/\",\"name\":\"Itineris Building - Promoteur\",\"description\":\"Un site utilisant WordPress\",\"potentialAction\":[{\"@type\":\"SearchAction\",\"target\":{\"@type\":\"EntryPoint\",\"urlTemplate\":\"https:\/\/www.itineris-building.fr\/promoteur\/?s={search_term_string}\"},\"query-input\":{\"@type\":\"PropertyValueSpecification\",\"valueRequired\":true,\"valueName\":\"search_term_string\"}}],\"inLanguage\":\"fr-FR\"}]}<\/script>\n<!-- \/ Yoast SEO plugin. -->","yoast_head_json":{"title":"En cours de commercialisation - Itineris Building - Promoteur","robots":{"index":"index","follow":"follow","max-snippet":"max-snippet:-1","max-image-preview":"max-image-preview:large","max-video-preview":"max-video-preview:-1"},"canonical":"https:\/\/www.itineris-building.fr\/promoteur\/en-cours-de-commercialisation\/","og_locale":"fr_FR","og_type":"article","og_title":"En cours de commercialisation - Itineris Building - Promoteur","og_description":"EN COURS DE COMMERCIALISATION En cours de commercialisation 1 Avenue de Royat, Chamali\u00e8res En vedetteEn cours de commercialisation R\u00e9sidence Villa Royale Chamali\u00e8res5, Avenue de Royat (localiser la R\u00e9sidence)4 Appartements avec terrasses SUD d&rsquo;environ 119 m21 loc [plus] Chamali\u00e8res5, Avenue de Royat (localiser la R\u00e9sidence)4 Appartements avec terrasses SUD d&rsquo;environ 119 m21 loc [plus] info compl\u00e8te Catherine GRIVILLERS 1 Place Henri Dunant, Clermont-Ferrand Sud En ...","og_url":"https:\/\/www.itineris-building.fr\/promoteur\/en-cours-de-commercialisation\/","og_site_name":"Itineris Building - Promoteur","article_modified_time":"2020-11-13T10:30:51+00:00","og_image":[{"url":"https:\/\/www.itineris-building.fr\/promoteur\/wp-content\/uploads\/2019\/12\/persNord-2018-02-28-1-525x328.jpg","type":"","width":"","height":""}],"twitter_card":"summary_large_image","twitter_misc":{"Dur\u00e9e de lecture estim\u00e9e":"3 minutes"},"schema":{"@context":"https:\/\/schema.org","@graph":[{"@type":"WebPage","@id":"https:\/\/www.itineris-building.fr\/promoteur\/en-cours-de-commercialisation\/","url":"https:\/\/www.itineris-building.fr\/promoteur\/en-cours-de-commercialisation\/","name":"En cours de commercialisation - Itineris Building - Promoteur","isPartOf":{"@id":"https:\/\/www.itineris-building.fr\/promoteur\/#website"},"primaryImageOfPage":{"@id":"https:\/\/www.itineris-building.fr\/promoteur\/en-cours-de-commercialisation\/#primaryimage"},"image":{"@id":"https:\/\/www.itineris-building.fr\/promoteur\/en-cours-de-commercialisation\/#primaryimage"},"thumbnailUrl":"https:\/\/www.itineris-building.fr\/promoteur\/wp-content\/uploads\/2019\/12\/persNord-2018-02-28-1-525x328.jpg","datePublished":"2019-10-24T08:38:48+00:00","dateModified":"2020-11-13T10:30:51+00:00","breadcrumb":{"@id":"https:\/\/www.itineris-building.fr\/promoteur\/en-cours-de-commercialisation\/#breadcrumb"},"inLanguage":"fr-FR","potentialAction":[{"@type":"ReadAction","target":["https:\/\/www.itineris-building.fr\/promoteur\/en-cours-de-commercialisation\/"]}]},{"@type":"ImageObject","inLanguage":"fr-FR","@id":"https:\/\/www.itineris-building.fr\/promoteur\/en-cours-de-commercialisation\/#primaryimage","url":"https:\/\/www.itineris-building.fr\/promoteur\/wp-content\/uploads\/2019\/12\/persNord-2018-02-28-1.jpg","contentUrl":"https:\/\/www.itineris-building.fr\/promoteur\/wp-content\/uploads\/2019\/12\/persNord-2018-02-28-1.jpg","width":1200,"height":900},{"@type":"BreadcrumbList","@id":"https:\/\/www.itineris-building.fr\/promoteur\/en-cours-de-commercialisation\/#breadcrumb","itemListElement":[{"@type":"ListItem","position":1,"name":"Accueil","item":"https:\/\/www.itineris-building.fr\/promoteur\/"},{"@type":"ListItem","position":2,"name":"En cours de commercialisation"}]},{"@type":"WebSite","@id":"https:\/\/www.itineris-building.fr\/promoteur\/#website","url":"https:\/\/www.itineris-building.fr\/promoteur\/","name":"Itineris Building - Promoteur","description":"Un site utilisant WordPress","potentialAction":[{"@type":"SearchAction","target":{"@type":"EntryPoint","urlTemplate":"https:\/\/www.itineris-building.fr\/promoteur\/?s={search_term_string}"},"query-input":{"@type":"PropertyValueSpecification","valueRequired":true,"valueName":"search_term_string"}}],"inLanguage":"fr-FR"}]}},"_links":{"self":[{"href":"https:\/\/www.itineris-building.fr\/promoteur\/wp-json\/wp\/v2\/pages\/28705","targetHints":{"allow":["GET"]}}],"collection":[{"href":"https:\/\/www.itineris-building.fr\/promoteur\/wp-json\/wp\/v2\/pages"}],"about":[{"href":"https:\/\/www.itineris-building.fr\/promoteur\/wp-json\/wp\/v2\/types\/page"}],"author":[{"embeddable":true,"href":"https:\/\/www.itineris-building.fr\/promoteur\/wp-json\/wp\/v2\/users\/1"}],"replies":[{"embeddable":true,"href":"https:\/\/www.itineris-building.fr\/promoteur\/wp-json\/wp\/v2\/comments?post=28705"}],"version-history":[{"count":30,"href":"https:\/\/www.itineris-building.fr\/promoteur\/wp-json\/wp\/v2\/pages\/28705\/revisions"}],"predecessor-version":[{"id":43687,"href":"https:\/\/www.itineris-building.fr\/promoteur\/wp-json\/wp\/v2\/pages\/28705\/revisions\/43687"}],"wp:attachment":[{"href":"https:\/\/www.itineris-building.fr\/promoteur\/wp-json\/wp\/v2\/media?parent=28705"}],"curies":[{"name":"wp","href":"https:\/\/api.w.org\/{rel}","templated":true}]}}